{"version":"1.0","type":"rich","provider_name":"hearthis.at","provider_url":"https:\/\/hearthis.at","height":"150","width":"100%","title":"RAUL VILLAFA\u00d1E-PRESI CAMARA EXTERIOR-LA VUELTA","description":"Ra\u00fal Villafa\u00f1e, Presidente de la C\u00e1mara de Comercio de Exterior estuvo presente en los estudios de Radio Universidad en la ExpoJuy donde hizo un balance de lo que est\u00e1 dejando el evento y de la importancia de estas Ferias para exponer los trabajos de los empresarios juje\u00f1os.","thumbnail_url":"https:\/\/img.hearthis.at\/r\/o\/i\/_\/uploads\/3857770\/image_track\/1067734\/w1200_h628_q70_ptrue_v2_----cropped_4771a0705369ba9ac133fd499b6c2db1ral-villafae-camara-comercio-exterior.jpg","thumbnail_width":1200,"thumbnail_height":628,"html":"<iframe scrolling=\"no\" id=\"hearthis_at_track_1067734_light\" style=\"border-radius: 10px;\" width=\"100%\" height=\"150\" src=\"https:\/\/hearthis.at\/embed\/1067734\/transparent\/?style=2&block_size=2&block_space=2&background=1\" frameborder=\"0\" allowtransparency><\/iframe>","author_name":"UNJu Radio 02","author_url":"https:\/\/hearthis.at\/unjuradio2\/"}