{"version":"1.0","type":"rich","provider_name":"hearthis.at","provider_url":"https:\/\/hearthis.at","height":"150","width":"100%","title":"Freddy Berdeja - Secretario General de Judiciales - Pago de adicionales","description":"El secretario general de la Asociacion Judicial de la Provincia, Freddy Berdeja, confirm\u00f3 en Radio Universidad, que mantuvo una reuni\u00f3n con el presidente del Superior Tribunal de Justicia para ajustar el pago de adicionales y se refiri\u00f3 tambien al tratamiento de proyectos de ley de devoluci\u00f3n de descuentos por paros.","thumbnail_url":"https:\/\/img.hearthis.at\/1\/7\/8\/_\/uploads\/3857770\/image_track\/1084996\/w1200_h628_q70_ptrue_v2_----cropped_1477579871.jpg","thumbnail_width":1200,"thumbnail_height":628,"html":"<iframe scrolling=\"no\" id=\"hearthis_at_track_1084996_light\" style=\"border-radius: 10px;\" width=\"100%\" height=\"150\" src=\"https:\/\/hearthis.at\/embed\/1084996\/transparent\/?style=2&block_size=2&block_space=2&background=1\" frameborder=\"0\" allowtransparency><\/iframe>","author_name":"UNJu Radio 02","author_url":"https:\/\/hearthis.at\/unjuradio2\/"}