{"version":"1.0","type":"rich","provider_name":"hearthis.at","provider_url":"https:\/\/hearthis.at","height":"150","width":"100%","title":"Rodriguez Barcena - Secretario de cultura de la Municipalidad - Feria artesanos","description":"El Secretario de Cultura y Turismo de la Municipalidad de San Salvador de Jujuy, Jos\u00e9 Rodr\u00edguez B\u00e1rcena, confirm\u00f3 por radio Universidad, que la edici\u00f3n 2016 de la Feria de Artesan\u00eda se realizar\u00e1 en la playa de estacionamiento de Av. 19 de Abril en consenso con los artesanos juje\u00f1os.","thumbnail_url":"https:\/\/img.hearthis.at\/1\/0\/-\/_\/uploads\/2099317\/image_track\/950543\/w1200_h628_q70_ptrue_v2_----cropped_e2e2c40eabc43d0c31dc07c5ee33addfrodriguez-barcena-01.jpg","thumbnail_width":1200,"thumbnail_height":628,"html":"<iframe scrolling=\"no\" id=\"hearthis_at_track_950543_light\" style=\"border-radius: 10px;\" width=\"100%\" height=\"150\" src=\"https:\/\/hearthis.at\/embed\/950543\/transparent\/?style=2&block_size=2&block_space=2&background=1\" frameborder=\"0\" allowtransparency><\/iframe>","author_name":"UNJu Radio","author_url":"https:\/\/hearthis.at\/unjuradio\/"}