{"version":"1.0","type":"rich","provider_name":"hearthis.at","provider_url":"https:\/\/hearthis.at","height":"150","width":"100%","title":"Sabatina com Andr\u00e9 de Paula (PSD)","description":"Debate da Super Manh\u00e3: Nesta segunda (29), a R\u00e1dio Jornal termina a s\u00e9rie de sabatinas com os candidatos pernambucanos dos partidos com representa\u00e7\u00e3o m\u00ednima no Congresso Nacional e que disputam uma vaga no Senado. Andr\u00e9 de Paula (PSD) \u00e9 sabatinado pelo colunista de pol\u00edtica do Jornal do Commercio, Igor Maciel, pelo correspondente da R\u00e1dio Jornal em Bras\u00edlia Romoaldo de Souza e por Wagner Gomes.","thumbnail_url":"https:\/\/img.hearthis.at\/0\/3\/4\/_\/uploads\/9201543\/image_track\/7035392\/w1200_h628_q70_ptrue_v2_----cropped_1661786429430.jpg","thumbnail_width":1200,"thumbnail_height":628,"html":"<iframe scrolling=\"no\" id=\"hearthis_at_track_7035392_light\" style=\"border-radius: 10px;\" width=\"100%\" height=\"150\" src=\"https:\/\/hearthis.at\/embed\/7035392\/transparent\/?style=2&block_size=2&block_space=2&background=1\" frameborder=\"0\" allowtransparency><\/iframe>","author_name":"R\u00e1dio Jornal","author_url":"https:\/\/hearthis.at\/tecnologia\/"}