{"version":"1.0","type":"rich","provider_name":"hearthis.at","provider_url":"https:\/\/hearthis.at","height":"150","width":"100%","title":"2026\/04 - La citoyennet\u00e9 avec Ali Fathi","description":"Le premier invit\u00e9 de cette nouvelle \u00e9mission est Monsieur Ali Fathi, d\u00e9l\u00e9gu\u00e9 du Pr\u00e9fet des Yvelines en charge de la cit\u00e9 \u00e9ducative, interrog\u00e9 par les \u00e9l\u00e8ves du coll\u00e8ge Jules Verne autour de la citoyennet\u00e9.","thumbnail_url":"https:\/\/img.hearthis.at\/4\/6\/1\/_\/uploads\/9017138\/image_track\/14116374\/w1200_h628_q70_ptrue_v2_m1775632905----cropped_1775632901164.jpg?m=1775632905","thumbnail_width":1200,"thumbnail_height":628,"html":"<iframe scrolling=\"no\" id=\"hearthis_at_track_14116374_light\" style=\"border-radius: 10px;\" width=\"100%\" height=\"150\" src=\"https:\/\/hearthis.at\/embed\/14116374\/transparent\/?style=2&block_size=2&block_space=2&background=1\" frameborder=\"0\" allowtransparency><\/iframe>","author_name":"RVVS","author_url":"https:\/\/hearthis.at\/rvvs\/"}