{"version":"1.0","type":"rich","provider_name":"hearthis.at","provider_url":"https:\/\/hearthis.at","height":"150","width":"100%","title":"Voyage Humanitaire avec Servir Sans Fronti\u00e9re et des \u00e9l\u00e8ves de Rascol  ","description":"Une \u00e9mission r\u00e9alis\u00e9e dans les ateliers de Rascol, en compagnie d'une classe de technicien d'usinage \u00e0 Rascol et l'association \" Servir sans fronti\u00e8res bas\u00e9e \u00e0 Albi \" .Ils partiront en direction de Porto pour une semaine du 12 mars au 16 mars.","thumbnail_url":"https:\/\/img.hearthis.at\/1\/0\/8\/_\/uploads\/8510789\/image_track\/1777387\/w1200_h628_q70_ptrue_v2_----cropped_1519377247801.jpg","thumbnail_width":1200,"thumbnail_height":628,"html":"<iframe scrolling=\"no\" id=\"hearthis_at_track_1777387_light\" style=\"border-radius: 10px;\" width=\"100%\" height=\"150\" src=\"https:\/\/hearthis.at\/embed\/1777387\/transparent\/?style=2&block_size=2&block_space=2&background=1\" frameborder=\"0\" allowtransparency><\/iframe>","author_name":"Radio Albig\u00e9s","author_url":"https:\/\/hearthis.at\/radioalbiges\/"}