{"version":"1.0","type":"rich","provider_name":"hearthis.at","provider_url":"https:\/\/hearthis.at","height":"150","width":"100%","title":"Radio f\u00fcr Alle_Wie geht das...- Die Er\u00f6ffnugsveranstaltung Radio Slubfurt live aus dem Sommertheater der Oderh\u00e4hne","description":"Wir feierten am 27.06.2022 unseres Jubil\u00e4um \u201e11 Jahre Radio Slubfurt (das Jubil\u00e4um 10 Jahre nachgeholt),\u00a0\u00a0\u00a0\u00a0\u00a0\u00a0\u00a0 \u00a0\r\n\r\n4 Jahre Kabelkanal und 1 Jahr UKW\u201c!\r\n\r\nBei uns in Frankfurt\/Slubice auf unserem Hof steht im Sommer immer eine \u00fcberdachte Theaterb\u00fchne. Hier fand am 27.06.2022 ab 16.00 Uhr die Veranstaltung zum Thema \u201eRadio f\u00fcr Alle \u2013 Medienkompetenz auch grenz\u00fcberschreitend st\u00e4rken\u201c statt. Sie ist der Auftakt zur Workshop- und Veranstaltungsreihe.\r\n\r\nIn der Talkrunde ging es besonders um die Rolle der Freien Radios.\r\n\r\nThemen u.a.\r\n\r\nWas ist Radio f\u00fcr Alle?\r\n\r\nMedienkompetenz, Diversit\u00e4t, Inklusion, Demokratie\r\n\r\nUnd wie unterscheiden sich z.B. der RBB (\u00d6ffentlich- rechtlicher Rundfunk), die Oderwelle (als Lokalsender) und Radio Slubfurt (freies Radio) in der Wahrnehmung und Erf\u00fcllung dieser Aufgaben\r\n\r\nWas muss ein Radio tun, um aus \u201eRadiokonsumenten\u201c \u201eRadioproduzenten\u201c zu machen. Welche Aktivit\u00e4ten sind erforderlich, um Menschen da abzuholen, wo sie sind? Wie kann dabei ihre Medienkompetenz gest\u00e4rkt werden?\r\nWelche Unterst\u00fctzung kann z.B. die Politik daf\u00fcr geben? Dabei soll es nicht um \u201eProjektemacherei\u201c gehen, sondern um Kontinuit\u00e4t.\r\n\r\nWas und wie k\u00f6nnen z.B. Freie Radios dazu beitragen?\r\n\r\nWir stellten unsere Projekte vor:\r\n\r\nDas Projektes \u201eRadio f\u00fcr Alle \u2013 wir machen Radio inklusiv\u201c\r\n\r\nund \u201eRadio f\u00fcr Alle \u2013 Medienkompetenz auch grenz\u00fcberschreitend st\u00e4rken\u201c\r\n\r\nIm Zeitalter der Digitalisierung wurde auch versucht die Verbreitungsm\u00f6glichkeiten zu er\u00f6rtern.\r\n\r\nWir haben uns daf\u00fcr auch G\u00e4ste eingeladen.\r\n\r\nEs gab neben den k\u00fcnstlerischen Acts auch eine Gespr\u00e4chsrunde, an der u.a. Dr. Benjamin Grimm, der Staatssekret\u00e4r in der Staatskanzlei Brandenburg, Marc Westhusen, der Vorsitzende des Bundesverbandes Freier Radios, Heiko Hilker vom Dresdner Institut f\u00fcr Medien Bildung und Beratung und Mitglied im MDR-Rundfunkrates teilnahmen. Die MABB hat eine Teilnahme abgelehnt.\r\n\r\nOrt:\r\n\r\nFrankfurt an der Oder\r\n\r\nLindenstrasse 6\r\n\r\n15230 Frankfurt an der Oder\r\n\r\nProgramm\r\n\r\n16.00 Uhr Begr\u00fc\u00dfung\r\n\r\n16.00 Uhr Paula Linke eine Liedermacherin aus Leipzig (https:\/\/paula-linke.de\/)\r\n\r\n16.45 Uhr oder l\u00e4nger - Talkrunde \u2013 Radio f\u00fcr Alle\r\n\r\n17.30 Uhr Peggy Luck eine Liedermacherin aus Leipzig (http:\/\/www.donotloiter.net\/musik\/)\r\n\r\n18.30 Uhr Carmen Orlett und Hugo Dietrich aus Woltersdorf\r\n\r\nSoweit der Plan, aber die DB hat wieder mal etwas durcheinandergebracht. Wir haben es trotzdem geschafft, und wir hatten trotz der Temperaturen viel Spa\u00df.\r\n\r\nDie Veranstaltung konnten wir nur Dank der finanziellen Unterst\u00fctzung von &quot;Demokratie Leben&quot; durchf\u00fchren.","thumbnail_url":"https:\/\/img.hearthis.at\/0\/5\/9\/_\/uploads\/10357988\/image_track\/6880570\/w1200_h628_q70_ptrue_v2_----cropped_1657094875950.jpg","thumbnail_width":1200,"thumbnail_height":628,"html":"<iframe scrolling=\"no\" id=\"hearthis_at_track_6880570_light\" style=\"border-radius: 10px;\" width=\"100%\" height=\"150\" src=\"https:\/\/hearthis.at\/embed\/6880570\/transparent\/?style=2&block_size=2&block_space=2&background=1\" frameborder=\"0\" allowtransparency><\/iframe>","author_name":"Radio Slubfurt","author_url":"https:\/\/hearthis.at\/radio-slubfurt\/"}